{"version":"1.0","provider_name":"Zero Magazine","provider_url":"https:\/\/zeromagazine.mx","author_name":"zeromagazinemx","author_url":"https:\/\/zeromagazine.mx\/index.php\/author\/zeromagazinemx\/","title":"Empresas Suizas y Derechos Humanos en M\u00e9xico - Zero Magazine","type":"rich","width":600,"height":338,"html":"<blockquote class=\"wp-embedded-content\" data-secret=\"uOH2ZCAua3\"><a href=\"https:\/\/zeromagazine.mx\/index.php\/2024\/05\/23\/empresas-suizas-y-derechos-humanos-en-mexico\/\">Empresas Suizas y Derechos Humanos en M\u00e9xico<\/a><\/blockquote><iframe sandbox=\"allow-scripts\" security=\"restricted\" src=\"https:\/\/zeromagazine.mx\/index.php\/2024\/05\/23\/empresas-suizas-y-derechos-humanos-en-mexico\/embed\/#?secret=uOH2ZCAua3\" width=\"600\" height=\"338\" title=\"\u00abEmpresas Suizas y Derechos Humanos en M\u00e9xico\u00bb \u2014 Zero Magazine\" data-secret=\"uOH2ZCAua3\" frameborder=\"0\" marginwidth=\"0\" marginheight=\"0\" scrolling=\"no\" class=\"wp-embedded-content\"><\/iframe><script>\n\/*! This file is auto-generated *\/\n!function(d,l){\"use strict\";l.querySelector&&d.addEventListener&&\"undefined\"!=typeof URL&&(d.wp=d.wp||{},d.wp.receiveEmbedMessage||(d.wp.receiveEmbedMessage=function(e){var t=e.data;if((t||t.secret||t.message||t.value)&&!\/[^a-zA-Z0-9]\/.test(t.secret)){for(var s,r,n,a=l.querySelectorAll('iframe[data-secret=\"'+t.secret+'\"]'),o=l.querySelectorAll('blockquote[data-secret=\"'+t.secret+'\"]'),c=new RegExp(\"^https?:$\",\"i\"),i=0;i<o.length;i++)o[i].style.display=\"none\";for(i=0;i<a.length;i++)s=a[i],e.source===s.contentWindow&&(s.removeAttribute(\"style\"),\"height\"===t.message?(1e3<(r=parseInt(t.value,10))?r=1e3:~~r<200&&(r=200),s.height=r):\"link\"===t.message&&(r=new URL(s.getAttribute(\"src\")),n=new URL(t.value),c.test(n.protocol))&&n.host===r.host&&l.activeElement===s&&(d.top.location.href=t.value))}},d.addEventListener(\"message\",d.wp.receiveEmbedMessage,!1),l.addEventListener(\"DOMContentLoaded\",function(){for(var e,t,s=l.querySelectorAll(\"iframe.wp-embedded-content\"),r=0;r<s.length;r++)(t=(e=s[r]).getAttribute(\"data-secret\"))||(t=Math.random().toString(36).substring(2,12),e.src+=\"#?secret=\"+t,e.setAttribute(\"data-secret\",t)),e.contentWindow.postMessage({message:\"ready\",secret:t},\"*\")},!1)))}(window,document);\n\/\/# sourceURL=https:\/\/zeromagazine.mx\/wp-includes\/js\/wp-embed.min.js\n<\/script>\n","thumbnail_url":"https:\/\/zeromagazine.mx\/wp-content\/uploads\/2024\/05\/unnamed-66-1024x683.jpg","thumbnail_width":1024,"thumbnail_height":683,"description":"La Embajada de Suiza y la Cohesi\u00f3n Comunitaria e Innovaci\u00f3n Social (CCIS A.C.) han unido fuerzas en un esfuerzo incre\u00edble para impulsar el respeto de los Derechos Humanos en las operaciones empresariales aqu\u00ed en M\u00e9xico. S\u00ed, lo has escuchado bien, \u00a1un verdadero cambio est\u00e1 en marcha! El reciente Foro Empresas y Derechos Humanos ha sido [&hellip;]"}